{"id":187,"date":"2024-04-16T10:14:59","date_gmt":"2024-04-16T10:14:59","guid":{"rendered":"https:\/\/projetoentreserras.com\/?page_id=187"},"modified":"2026-03-26T12:31:26","modified_gmt":"2026-03-26T12:31:26","slug":"equipa","status":"publish","type":"page","link":"https:\/\/projetoentreserras.com\/en\/equipa\/","title":{"rendered":"Team"},"content":{"rendered":"\n<p>PES_CE &#8211; Projeto Entre Serras, uma rede de arte contempor\u00e2nea em \u00e1reas de montanha<\/p>\n\n\n\n<p>O coordenador do projeto \u00e9 o <a href=\"https:\/\/www.ipl.pt\/\" target=\"_blank\" rel=\"noreferrer noopener\">Polytechnic University of Lisbon (IPL)<\/a> por meio de seu <a href=\"https:\/\/museudapaisagem.pt\/\" target=\"_blank\" rel=\"noreferrer noopener\">Museu da Paisagem<\/a>. Tamb\u00e9m em Portugal, est\u00e3o os parceiros Aldeias do Xisto (ADXTUR &#8211; Aldeias do Xisto), o Munic\u00edpio de Castelo Branco \/ F\u00e1brica de Criatividade) e o Geoparque Estrela, Digne-les-Bains nos Alpes de Haute Provence (CAIRN, Centro de Arte, CDLB) e a \u00c9cole Sup\u00e9rieure d&#8217;Art d&#8217;Aix-en-Provence (ESAAIX). Os parceiros espanh\u00f3is s\u00e3o o Museu Vostell Malpartida (MVM) e o Munic\u00edpio de Malpartida de C\u00e1ceres (AMC, por meio de seu Centro de Roteiros Pecu\u00e1rios).<\/p>\n\n\n\n<p><\/p>\n\n\n\n<p><strong>Equipa:<\/strong><\/p>\n\n\n\n<p><strong>PROJETO ENTRE SERRAS<\/strong><br>Carlos Casteleira<br>Manuela Pires da Fonseca<\/p>\n\n\n\n<p><strong>IPL \u2013 Instituto Polit\u00e9cnico de Lisboa (PT)<\/strong><br>Jo\u00e3o Abreu e Ricardo Pereira Rodrigues (coordination)<br>Joana Isabel Nunes de Souza<br>Margarida Carvalho<br>Maria Jo\u00e3o Centeno<br>Nuno Palma<br><\/p>\n\n\n\n<p><strong>ADXTUR \u2013 Ag\u00eancia para o Desenvolvimento Tur\u00edstico das Aldeias do Xisto (PT)<br><\/strong>Bruno Ramos<br>Andreia Gon\u00e7alves<br>Miguel Cruz<br>Catarina Almeida<\/p>\n\n\n\n<p><strong>AGE \u2013 Associa\u00e7\u00e3o Geopark Estrela (PT)<\/strong><br>Emanuel Castro<br>Lucas Cezar<\/p>\n\n\n\n<p><strong>Ayuntamiento&nbsp;de&nbsp;Malpartida&nbsp;de&nbsp;C\u00e1ceres&nbsp;\/ CVP \u2013 Centre Vias&nbsp;Pecuarias&nbsp;(SP)&nbsp;<\/strong><br>Alfredo Aguilera Alc\u00e1ntara<br>Carmen Dom\u00ednguez Pedrera<\/p>\n\n\n\n<p><strong>Commune de Digne-les-Bains \/ CAIRN Art Centre (FR)\u00a0<\/strong><br>Cl\u00e9mentine Chapon<br>Charles Garcin<br>Ambre Mendoza<br>Francis Kuhn<br>Magali Levray-Buccio<br>Nadine Gomez<\/p>\n\n\n\n<p><strong>MVM \u2013 Museu&nbsp;Vostell&nbsp;Malpartida&nbsp;(SP)&nbsp;<\/strong><br>Jose Antonio Agundez Garcia<br>Alberto Flores Galan<br>Josefa Cort\u00e9s<\/p>\n\n\n\n<p><strong>ESAAIX&nbsp;\u2013&nbsp;\u00c9cole&nbsp;Sup\u00e9rieur&nbsp;d\u2019Art&nbsp;d\u2019Aix-en-Provence (FR)&nbsp;<\/strong><br>Carlos Casteleira<br>Barbara Satre<br>P\u00e9n\u00e9lope Patrix<br>Peter Sinclair<br>Virginie Domeny<\/p>\n\n\n\n<p><strong>C\u00e2mara&nbsp;Municipal de Castelo Branco \/ F\u00e1brica da Criatividade (PT)&nbsp;<\/strong><br>F\u00e1bio Ramalho<br>Rafael Seguro<br>C\u00e9lia Ferreira<br>Pedro Moreira<\/p>\n\n\n\n<p><\/p>\n\n\n\n<figure class=\"wp-block-image size-large\"><img loading=\"lazy\" decoding=\"async\" width=\"1024\" height=\"93\" src=\"https:\/\/projetoentreserras.com\/wp-content\/uploads\/2024\/04\/logos-PES-CE-1-1024x93.png\" alt=\"\" class=\"wp-image-285\" srcset=\"https:\/\/projetoentreserras.com\/wp-content\/uploads\/2024\/04\/logos-PES-CE-1-1024x93.png 1024w, https:\/\/projetoentreserras.com\/wp-content\/uploads\/2024\/04\/logos-PES-CE-1-300x27.png 300w, https:\/\/projetoentreserras.com\/wp-content\/uploads\/2024\/04\/logos-PES-CE-1-768x70.png 768w, https:\/\/projetoentreserras.com\/wp-content\/uploads\/2024\/04\/logos-PES-CE-1-1536x139.png 1536w, https:\/\/projetoentreserras.com\/wp-content\/uploads\/2024\/04\/logos-PES-CE-1.png 1894w\" sizes=\"auto, (max-width: 1024px) 100vw, 1024px\" \/><\/figure>\n\n\n\n<p><\/p>\n\n\n\n<figure class=\"wp-block-image size-full\"><img loading=\"lazy\" decoding=\"async\" width=\"300\" height=\"71\" src=\"https:\/\/projetoentreserras.com\/wp-content\/uploads\/2024\/11\/PT_Co-fundedbytheEU_RGB_Monochrome-3.png\" alt=\"\" class=\"wp-image-1052\"\/><\/figure>\n","protected":false},"excerpt":{"rendered":"<p>PES_CE &#8211; Projeto Entre Serras, uma rede de arte contempor\u00e2nea em \u00e1reas de montanha O coordenador do projeto \u00e9 o Polytechnic University of Lisbon (IPL) por meio de seu Museu da Paisagem. Tamb\u00e9m em Portugal, est\u00e3o os parceiros Aldeias do Xisto (ADXTUR &#8211; Aldeias do Xisto), o Munic\u00edpio de Castelo Branco \/ F\u00e1brica de Criatividade) [&hellip;]<\/p>\n","protected":false},"author":3,"featured_media":0,"parent":0,"menu_order":0,"comment_status":"closed","ping_status":"closed","template":"","meta":{"_acf_changed":false,"footnotes":""},"class_list":["post-187","page","type-page","status-publish","hentry"],"acf":[],"_links":{"self":[{"href":"https:\/\/projetoentreserras.com\/en\/wp-json\/wp\/v2\/pages\/187","targetHints":{"allow":["GET"]}}],"collection":[{"href":"https:\/\/projetoentreserras.com\/en\/wp-json\/wp\/v2\/pages"}],"about":[{"href":"https:\/\/projetoentreserras.com\/en\/wp-json\/wp\/v2\/types\/page"}],"author":[{"embeddable":true,"href":"https:\/\/projetoentreserras.com\/en\/wp-json\/wp\/v2\/users\/3"}],"replies":[{"embeddable":true,"href":"https:\/\/projetoentreserras.com\/en\/wp-json\/wp\/v2\/comments?post=187"}],"version-history":[{"count":22,"href":"https:\/\/projetoentreserras.com\/en\/wp-json\/wp\/v2\/pages\/187\/revisions"}],"predecessor-version":[{"id":2223,"href":"https:\/\/projetoentreserras.com\/en\/wp-json\/wp\/v2\/pages\/187\/revisions\/2223"}],"wp:attachment":[{"href":"https:\/\/projetoentreserras.com\/en\/wp-json\/wp\/v2\/media?parent=187"}],"curies":[{"name":"wp","href":"https:\/\/api.w.org\/{rel}","templated":true}]}}